{"id":5613,"date":"2023-01-11T18:45:13","date_gmt":"2023-01-11T18:45:13","guid":{"rendered":"https:\/\/arthurgreenbean.be\/?post_type=product&#038;p=5613"},"modified":"2026-08-28T18:10:35","modified_gmt":"2026-08-28T16:10:35","slug":"votre-cours-de-yoga-du-samedi-a-lagbr-copy","status":"publish","type":"product","link":"https:\/\/arthurgreenbean.be\/fr\/produkt\/votre-cours-de-yoga-du-samedi-a-lagbr-copy\/","title":{"rendered":"Samedi : yoga \u00e0 la ferme et chai ayurv\u00e9dique &#8211; forfait de cours"},"content":{"rendered":"<p><strong>Une magnifique exp\u00e9rience de yoga au \u00ab Dreil\u00e4ndereck \u00bb, \u00e0 Welkenraedt, \u00e0 30 minutes d&rsquo;Aix-la-Chapelle, d&rsquo;Eupen et de Maastricht.<\/strong><\/p>\n<p>Avec cette formule, vous r\u00e9servez les quatre samedis d&rsquo;un mois \u00e0 un tarif forfaitaire. Cliquez sur le premier samedi du mois que vous souhaitez r\u00e9server ; les autres samedis de ce mois-l\u00e0 sont alors automatiquement inclus. <\/p>\n<p>Ce paquet comprend<\/p>\n<p><strong>90 minutes d&rsquo;une magnifique s\u00e9rie de vinyasa dans notre charmant shala situ\u00e9 \u00e0 la campagne, au c\u0153ur de notre ferme \/ Asanas \/ Pranayama \/ pour les d\u00e9butants comme pour les pratiquants confirm\u00e9s  <\/strong><\/p>\n<p><strong>Prix : 75.-<\/strong><\/p>\n<ul>\n<li>Il est pr\u00e9f\u00e9rable d&rsquo;arriver avant 10h30, car nous commen\u00e7ons \u00e0 l&rsquo;heure et tout le monde est toujours tr\u00e8s enthousiaste.<\/li>\n<li>Nous adaptons notre pratique de yoga du samedi au niveau d&rsquo;exp\u00e9rience en yoga des membres de notre groupe.<\/li>\n<li>Particuli\u00e8rement adapt\u00e9 aux personnes qui ont besoin de r\u00e9cup\u00e9rer du travail ou du stress quotidien.<\/li>\n<li>Nous sommes limit\u00e9s \u00e0 12 participants pour les \u00e9v\u00e9nements en salle dans le Shala.<\/li>\n<li>Apr\u00e8s la s\u00e9ance de yoga, vous \u00eates invit\u00e9s \u00e0 d\u00e9guster un chai ayurv\u00e9dique fait maison, un caf\u00e9 et une petite gourmandise ayurv\u00e9dique.<\/li>\n<li>le cours sera dispens\u00e9 en anglais et\/ou en allemand, les instructions sont faciles \u00e0 suivre m\u00eame pour nos \u00e9tudiants francophones<\/li>\n<li>Nous avons suffisamment de tapis, de traversins, de zafu, de ceintures, de blocs, de sacs de sable et d&rsquo;autres accessoires pour les 12 personnes. Bien entendu, apportez votre propre tapis et vos accessoires si vous le souhaitez. <\/li>\n<li>Juste pour vous pr\u00e9venir \u00e0 l&rsquo;avance : chaque ann\u00e9e, nous suspendons les cours de yoga de novembre jusqu&rsquo;\u00e0 la fin de l&rsquo;ann\u00e9e afin d&rsquo;organiser notre march\u00e9 de No\u00ebl \u00e0 Aix-la-Chapelle, puis de profiter d&rsquo;une retraite entre nous par la suite<\/li>\n<\/ul>\n","protected":false},"excerpt":{"rendered":"<p><strong>Samedi : yoga \u00e0 la ferme et chai ayurv\u00e9dique &#8211; forfait de cours<\/strong><\/p>\n<p><strong>Tous les samedis, de 10 h 30 \u00e0 12 h 00<\/strong><\/p>\n<h3>Prix tout compris : 75,00 euros<\/h3>\n<p>Ce cours est limit\u00e9 \u00e0 <strong>12 personnes<\/strong>.<\/p>\n<p>Veuillez nous informer \u00e0 l&rsquo;avance de toute restriction physique dont nous devrions \u00eatre conscients. Merci. <\/p>\n","protected":false},"featured_media":3058,"comment_status":"open","ping_status":"closed","template":"","meta":[],"product_brand":[],"product_cat":[104,103],"product_tag":[80,107,109,108,106],"class_list":["post-5613","product","type-product","status-publish","has-post-thumbnail","product_cat-yinyoga-fr","product_cat-yoga-fr","product_tag-belgique","product_tag-hatha-yoga-fr","product_tag-la-respiration","product_tag-wim-hof-fr","product_tag-yoga-fr","first","instock","shipping-taxable","purchasable","product-type-appointment"],"exclude_global_add_ons":[],"addons":[],"yoast_head":"<!-- This site is optimized with the Yoast SEO plugin v28.3 - https:\/\/yoast.com\/product\/yoast-seo-wordpress\/ -->\n<title>Samedi : yoga \u00e0 la ferme et chai ayurv\u00e9dique - forfait de cours - AGBR<\/title>\n<meta name=\"description\" content=\"Yoga du samedi\" \/>\n<meta name=\"robots\" content=\"index, follow, max-snippet:-1, max-image-preview:large, max-video-preview:-1\" \/>\n<link rel=\"canonical\" href=\"https:\/\/arthurgreenbean.be\/fr\/produkt\/votre-cours-de-yoga-du-samedi-a-lagbr-copy\/\" \/>\n<meta property=\"og:locale\" content=\"fr_FR\" \/>\n<meta property=\"og:type\" content=\"article\" \/>\n<meta property=\"og:title\" content=\"Samedi : yoga \u00e0 la ferme et chai ayurv\u00e9dique - forfait de cours - AGBR\" \/>\n<meta property=\"og:description\" content=\"Yoga du samedi\" \/>\n<meta property=\"og:url\" content=\"https:\/\/arthurgreenbean.be\/fr\/produkt\/votre-cours-de-yoga-du-samedi-a-lagbr-copy\/\" \/>\n<meta property=\"og:site_name\" content=\"AGBR\" \/>\n<meta property=\"article:publisher\" content=\"https:\/\/www.facebook.com\/profile.php?id=100091825763096\" \/>\n<meta property=\"article:modified_time\" content=\"2026-08-28T16:10:35+00:00\" \/>\n<meta property=\"og:image\" content=\"https:\/\/arthurgreenbean.be\/wp-content\/uploads\/meditation-workshop-featured.jpg\" \/>\n\t<meta property=\"og:image:width\" content=\"2000\" \/>\n\t<meta property=\"og:image:height\" content=\"1354\" \/>\n\t<meta property=\"og:image:type\" content=\"image\/jpeg\" \/>\n<script type=\"application\/ld+json\" class=\"yoast-schema-graph\">{\"@context\":\"https:\\\/\\\/schema.org\",\"@graph\":[{\"@type\":\"WebPage\",\"@id\":\"https:\\\/\\\/arthurgreenbean.be\\\/fr\\\/produkt\\\/votre-cours-de-yoga-du-samedi-a-lagbr-copy\\\/\",\"url\":\"https:\\\/\\\/arthurgreenbean.be\\\/fr\\\/produkt\\\/votre-cours-de-yoga-du-samedi-a-lagbr-copy\\\/\",\"name\":\"Samedi : yoga \u00e0 la ferme et chai ayurv\u00e9dique - forfait de cours - AGBR\",\"isPartOf\":{\"@id\":\"https:\\\/\\\/arthurgreenbean.be\\\/fr\\\/#website\"},\"primaryImageOfPage\":{\"@id\":\"https:\\\/\\\/arthurgreenbean.be\\\/fr\\\/produkt\\\/votre-cours-de-yoga-du-samedi-a-lagbr-copy\\\/#primaryimage\"},\"image\":{\"@id\":\"https:\\\/\\\/arthurgreenbean.be\\\/fr\\\/produkt\\\/votre-cours-de-yoga-du-samedi-a-lagbr-copy\\\/#primaryimage\"},\"thumbnailUrl\":\"https:\\\/\\\/arthurgreenbean.be\\\/wp-content\\\/uploads\\\/meditation-workshop-featured.jpg\",\"datePublished\":\"2023-01-11T18:45:13+00:00\",\"dateModified\":\"2026-08-28T16:10:35+00:00\",\"description\":\"Yoga du samedi\",\"breadcrumb\":{\"@id\":\"https:\\\/\\\/arthurgreenbean.be\\\/fr\\\/produkt\\\/votre-cours-de-yoga-du-samedi-a-lagbr-copy\\\/#breadcrumb\"},\"inLanguage\":\"fr-FR\",\"potentialAction\":[{\"@type\":\"ReadAction\",\"target\":[\"https:\\\/\\\/arthurgreenbean.be\\\/fr\\\/produkt\\\/votre-cours-de-yoga-du-samedi-a-lagbr-copy\\\/\"]}]},{\"@type\":\"ImageObject\",\"inLanguage\":\"fr-FR\",\"@id\":\"https:\\\/\\\/arthurgreenbean.be\\\/fr\\\/produkt\\\/votre-cours-de-yoga-du-samedi-a-lagbr-copy\\\/#primaryimage\",\"url\":\"https:\\\/\\\/arthurgreenbean.be\\\/wp-content\\\/uploads\\\/meditation-workshop-featured.jpg\",\"contentUrl\":\"https:\\\/\\\/arthurgreenbean.be\\\/wp-content\\\/uploads\\\/meditation-workshop-featured.jpg\",\"width\":2000,\"height\":1354,\"caption\":\"atelier-de-m\u00e9ditation-\u00e0-la-une\"},{\"@type\":\"BreadcrumbList\",\"@id\":\"https:\\\/\\\/arthurgreenbean.be\\\/fr\\\/produkt\\\/votre-cours-de-yoga-du-samedi-a-lagbr-copy\\\/#breadcrumb\",\"itemListElement\":[{\"@type\":\"ListItem\",\"position\":1,\"name\":\"Home\",\"item\":\"https:\\\/\\\/arthurgreenbean.be\\\/fr\\\/\"},{\"@type\":\"ListItem\",\"position\":2,\"name\":\"Shop\",\"item\":\"https:\\\/\\\/arthurgreenbean.be\\\/shop\\\/\"},{\"@type\":\"ListItem\",\"position\":3,\"name\":\"Samedi : yoga \u00e0 la ferme et chai ayurv\u00e9dique &#8211; forfait de cours\"}]},{\"@type\":\"WebSite\",\"@id\":\"https:\\\/\\\/arthurgreenbean.be\\\/fr\\\/#website\",\"url\":\"https:\\\/\\\/arthurgreenbean.be\\\/fr\\\/\",\"name\":\"Arthurgreenbean\",\"description\":\"Arthur Greenbean Ranch\",\"publisher\":{\"@id\":\"https:\\\/\\\/arthurgreenbean.be\\\/fr\\\/#organization\"},\"potentialAction\":[{\"@type\":\"SearchAction\",\"target\":{\"@type\":\"EntryPoint\",\"urlTemplate\":\"https:\\\/\\\/arthurgreenbean.be\\\/fr\\\/?s={search_term_string}\"},\"query-input\":{\"@type\":\"PropertyValueSpecification\",\"valueRequired\":true,\"valueName\":\"search_term_string\"}}],\"inLanguage\":\"fr-FR\"},{\"@type\":\"Organization\",\"@id\":\"https:\\\/\\\/arthurgreenbean.be\\\/fr\\\/#organization\",\"name\":\"Arthurgreenbean Ranch\",\"url\":\"https:\\\/\\\/arthurgreenbean.be\\\/fr\\\/\",\"logo\":{\"@type\":\"ImageObject\",\"inLanguage\":\"fr-FR\",\"@id\":\"https:\\\/\\\/arthurgreenbean.be\\\/fr\\\/#\\\/schema\\\/logo\\\/image\\\/\",\"url\":\"https:\\\/\\\/arthurgreenbean.be\\\/wp-content\\\/uploads\\\/agbr-696-1.jpg\",\"contentUrl\":\"https:\\\/\\\/arthurgreenbean.be\\\/wp-content\\\/uploads\\\/agbr-696-1.jpg\",\"width\":696,\"height\":696,\"caption\":\"Arthurgreenbean Ranch\"},\"image\":{\"@id\":\"https:\\\/\\\/arthurgreenbean.be\\\/fr\\\/#\\\/schema\\\/logo\\\/image\\\/\"},\"sameAs\":[\"https:\\\/\\\/www.facebook.com\\\/profile.php?id=100091825763096\"]}]}<\/script>\n<!-- \/ Yoast SEO plugin. -->","yoast_head_json":{"title":"Samedi : yoga \u00e0 la ferme et chai ayurv\u00e9dique - forfait de cours - AGBR","description":"Yoga du samedi","robots":{"index":"index","follow":"follow","max-snippet":"max-snippet:-1","max-image-preview":"max-image-preview:large","max-video-preview":"max-video-preview:-1"},"canonical":"https:\/\/arthurgreenbean.be\/fr\/produkt\/votre-cours-de-yoga-du-samedi-a-lagbr-copy\/","og_locale":"fr_FR","og_type":"article","og_title":"Samedi : yoga \u00e0 la ferme et chai ayurv\u00e9dique - forfait de cours - AGBR","og_description":"Yoga du samedi","og_url":"https:\/\/arthurgreenbean.be\/fr\/produkt\/votre-cours-de-yoga-du-samedi-a-lagbr-copy\/","og_site_name":"AGBR","article_publisher":"https:\/\/www.facebook.com\/profile.php?id=100091825763096","article_modified_time":"2026-08-28T16:10:35+00:00","og_image":[{"width":2000,"height":1354,"url":"https:\/\/arthurgreenbean.be\/wp-content\/uploads\/meditation-workshop-featured.jpg","type":"image\/jpeg"}],"schema":{"@context":"https:\/\/schema.org","@graph":[{"@type":"WebPage","@id":"https:\/\/arthurgreenbean.be\/fr\/produkt\/votre-cours-de-yoga-du-samedi-a-lagbr-copy\/","url":"https:\/\/arthurgreenbean.be\/fr\/produkt\/votre-cours-de-yoga-du-samedi-a-lagbr-copy\/","name":"Samedi : yoga \u00e0 la ferme et chai ayurv\u00e9dique - forfait de cours - AGBR","isPartOf":{"@id":"https:\/\/arthurgreenbean.be\/fr\/#website"},"primaryImageOfPage":{"@id":"https:\/\/arthurgreenbean.be\/fr\/produkt\/votre-cours-de-yoga-du-samedi-a-lagbr-copy\/#primaryimage"},"image":{"@id":"https:\/\/arthurgreenbean.be\/fr\/produkt\/votre-cours-de-yoga-du-samedi-a-lagbr-copy\/#primaryimage"},"thumbnailUrl":"https:\/\/arthurgreenbean.be\/wp-content\/uploads\/meditation-workshop-featured.jpg","datePublished":"2023-01-11T18:45:13+00:00","dateModified":"2026-08-28T16:10:35+00:00","description":"Yoga du samedi","breadcrumb":{"@id":"https:\/\/arthurgreenbean.be\/fr\/produkt\/votre-cours-de-yoga-du-samedi-a-lagbr-copy\/#breadcrumb"},"inLanguage":"fr-FR","potentialAction":[{"@type":"ReadAction","target":["https:\/\/arthurgreenbean.be\/fr\/produkt\/votre-cours-de-yoga-du-samedi-a-lagbr-copy\/"]}]},{"@type":"ImageObject","inLanguage":"fr-FR","@id":"https:\/\/arthurgreenbean.be\/fr\/produkt\/votre-cours-de-yoga-du-samedi-a-lagbr-copy\/#primaryimage","url":"https:\/\/arthurgreenbean.be\/wp-content\/uploads\/meditation-workshop-featured.jpg","contentUrl":"https:\/\/arthurgreenbean.be\/wp-content\/uploads\/meditation-workshop-featured.jpg","width":2000,"height":1354,"caption":"atelier-de-m\u00e9ditation-\u00e0-la-une"},{"@type":"BreadcrumbList","@id":"https:\/\/arthurgreenbean.be\/fr\/produkt\/votre-cours-de-yoga-du-samedi-a-lagbr-copy\/#breadcrumb","itemListElement":[{"@type":"ListItem","position":1,"name":"Home","item":"https:\/\/arthurgreenbean.be\/fr\/"},{"@type":"ListItem","position":2,"name":"Shop","item":"https:\/\/arthurgreenbean.be\/shop\/"},{"@type":"ListItem","position":3,"name":"Samedi : yoga \u00e0 la ferme et chai ayurv\u00e9dique &#8211; forfait de cours"}]},{"@type":"WebSite","@id":"https:\/\/arthurgreenbean.be\/fr\/#website","url":"https:\/\/arthurgreenbean.be\/fr\/","name":"Arthurgreenbean","description":"Arthur Greenbean Ranch","publisher":{"@id":"https:\/\/arthurgreenbean.be\/fr\/#organization"},"potentialAction":[{"@type":"SearchAction","target":{"@type":"EntryPoint","urlTemplate":"https:\/\/arthurgreenbean.be\/fr\/?s={search_term_string}"},"query-input":{"@type":"PropertyValueSpecification","valueRequired":true,"valueName":"search_term_string"}}],"inLanguage":"fr-FR"},{"@type":"Organization","@id":"https:\/\/arthurgreenbean.be\/fr\/#organization","name":"Arthurgreenbean Ranch","url":"https:\/\/arthurgreenbean.be\/fr\/","logo":{"@type":"ImageObject","inLanguage":"fr-FR","@id":"https:\/\/arthurgreenbean.be\/fr\/#\/schema\/logo\/image\/","url":"https:\/\/arthurgreenbean.be\/wp-content\/uploads\/agbr-696-1.jpg","contentUrl":"https:\/\/arthurgreenbean.be\/wp-content\/uploads\/agbr-696-1.jpg","width":696,"height":696,"caption":"Arthurgreenbean Ranch"},"image":{"@id":"https:\/\/arthurgreenbean.be\/fr\/#\/schema\/logo\/image\/"},"sameAs":["https:\/\/www.facebook.com\/profile.php?id=100091825763096"]}]}},"_links":{"self":[{"href":"https:\/\/arthurgreenbean.be\/fr\/wp-json\/wp\/v2\/product\/5613","targetHints":{"allow":["GET"]}}],"collection":[{"href":"https:\/\/arthurgreenbean.be\/fr\/wp-json\/wp\/v2\/product"}],"about":[{"href":"https:\/\/arthurgreenbean.be\/fr\/wp-json\/wp\/v2\/types\/product"}],"replies":[{"embeddable":true,"href":"https:\/\/arthurgreenbean.be\/fr\/wp-json\/wp\/v2\/comments?post=5613"}],"wp:featuredmedia":[{"embeddable":true,"href":"https:\/\/arthurgreenbean.be\/fr\/wp-json\/wp\/v2\/media\/3058"}],"wp:attachment":[{"href":"https:\/\/arthurgreenbean.be\/fr\/wp-json\/wp\/v2\/media?parent=5613"}],"wp:term":[{"taxonomy":"product_brand","embeddable":true,"href":"https:\/\/arthurgreenbean.be\/fr\/wp-json\/wp\/v2\/product_brand?post=5613"},{"taxonomy":"product_cat","embeddable":true,"href":"https:\/\/arthurgreenbean.be\/fr\/wp-json\/wp\/v2\/product_cat?post=5613"},{"taxonomy":"product_tag","embeddable":true,"href":"https:\/\/arthurgreenbean.be\/fr\/wp-json\/wp\/v2\/product_tag?post=5613"}],"curies":[{"name":"wp","href":"https:\/\/api.w.org\/{rel}","templated":true}]}}