{"id":5612,"date":"2023-01-11T18:45:13","date_gmt":"2023-01-11T18:45:13","guid":{"rendered":"https:\/\/arthurgreenbean.be\/?post_type=product&#038;p=5612"},"modified":"2026-01-09T17:13:54","modified_gmt":"2026-01-09T17:13:54","slug":"ihr-samstags-yogakurs-in-der-agbr-copy","status":"publish","type":"product","link":"https:\/\/arthurgreenbean.be\/de\/produkt\/ihr-samstags-yogakurs-in-der-agbr-copy\/","title":{"rendered":"Deine Samstags-Yogastunde in der AGBR &#8211; Kurspaket"},"content":{"rendered":"<p><strong>Yoga im &#8222;Dreil\u00e4ndereck&#8220;, in Welkenraedt in der N\u00e4he von Aachen, Eupen und Maastricht.<\/strong><\/p>\n<p>Mit diesem Paket buchen Sie die vier Samstage in einem Monat zu einem Pauschalpreis. Klicken Sie auf den ersten Samstag des Monats, den Sie buchen m\u00f6chten. Die restlichen Samstage dieses Monats, die Sie ausgew\u00e4hlt haben, sind inbegriffen. <\/p>\n<p>Dieses Paket enth\u00e4lt:<\/p>\n<p><strong>Sch\u00f6ne Vinyasa-Serie \/ Asanas \/ Pranayama \/ f\u00fcr Anf\u00e4nger und auch Fortgeschrittene<\/strong><\/p>\n<p><strong>Kosten 50,-<\/strong><\/p>\n<ul>\n<li>Es ist besser, wenn Du vor 10:30 Uhr kommst, wir beginnen p\u00fcnktlich und alle sind immer sehr freudig gespannt.<\/li>\n<li>Wir passen unsere samst\u00e4gliche Yogapraxis an das Niveau der Yogaerfahrung unserer Gruppenmitglieder an<\/li>\n<li>Besonders geeignet f\u00fcr Menschen, die sich von der Arbeit oder dem t\u00e4glichen Stress erholen m\u00fcssen<\/li>\n<li>Bei Indoor-Veranstaltungen in der Shala sind wir auf 12 Teilnehmer beschr\u00e4nkt.<\/li>\n<li>nach dem Yoga bist Du zu hausgemachtem Chai, Kaffee und ayurvedischem Geb\u00e4ck eingeladen<\/li>\n<li>der Kurs wird auf Englisch und\/oder Deutsch unterrichtet, die Anweisungen sind auch f\u00fcr unsere franz\u00f6sischsprachigen Teilnehmer leicht zu verstehen<\/li>\n<li>Wir haben gen\u00fcgend Matten, Nackenrollen, Zafu, G\u00fcrtel, Bl\u00f6cke, Sands\u00e4cke und andere Requisiten f\u00fcr alle 12 Personen. Nat\u00fcrlich kannst Du auch Deine eigene Matte und Requisiten mitbringen, wenn Du m\u00f6chtest.<\/li>\n<li>Der Samstagnachmittag steht f\u00fcr uns (Sonja und Mal) ganz im Zeichen der Ernte und anderer landwirtschaftlicher Arbeiten. Sie sind herzlich eingeladen, uns ab ein Uhr bei unserer Arbeit zu begleiten, ansonsten hoffen wir, Sie bald beim n\u00e4chsten wunderbaren Yoga-Erlebnis zu sehen<\/li>\n<\/ul>\n","protected":false},"excerpt":{"rendered":"<p><strong>Deine Samstags-Yogastunde in der AGBR &#8211; Kurspaket<\/strong><\/p>\n<p><strong>Die ersten drei Samstage im Monat<br \/>\n10:30 bis 12:00<\/strong><\/p>\n<h3>Preis: 50,- Euro<\/h3>\n<p>Dieser Kurs ist auf <strong>12 Personen<\/strong> begrenzt.<\/p>\n<p>Bitte informieren Sie uns im Voraus, wenn Sie k\u00f6rperliche Einschr\u00e4nkungen haben, die wir kennen sollten. Vielen Dank.<\/p>\n","protected":false},"featured_media":3059,"comment_status":"open","ping_status":"closed","template":"","meta":[],"product_brand":[],"product_cat":[96,95],"product_tag":[101,88,99,100,98],"class_list":{"0":"post-5612","1":"product","2":"type-product","3":"status-publish","4":"has-post-thumbnail","6":"product_cat-yinyoga-de","7":"product_cat-yoga-de","8":"product_tag-atmen","9":"product_tag-belgien-de","10":"product_tag-hatha-yoga-de","11":"product_tag-wim-hof-de","12":"product_tag-yoga-de","14":"first","15":"instock","16":"shipping-taxable","17":"purchasable","18":"product-type-appointment"},"exclude_global_add_ons":[],"addons":[],"yoast_head":"<!-- This site is optimized with the Yoast SEO Premium plugin v26.7 (Yoast SEO v27.2) - https:\/\/yoast.com\/product\/yoast-seo-premium-wordpress\/ -->\n<title>Deine Samstags-Yogastunde in der AGBR - Kurspaket - AGBR<\/title>\n<meta name=\"description\" content=\"Saurday Yoga\" \/>\n<meta name=\"robots\" content=\"index, follow, max-snippet:-1, max-image-preview:large, max-video-preview:-1\" \/>\n<link rel=\"canonical\" href=\"https:\/\/arthurgreenbean.be\/de\/produkt\/ihr-samstags-yogakurs-in-der-agbr-copy\/\" \/>\n<meta property=\"og:locale\" content=\"de_DE\" \/>\n<meta property=\"og:type\" content=\"article\" \/>\n<meta property=\"og:title\" content=\"Deine Samstags-Yogastunde in der AGBR - Kurspaket\" \/>\n<meta property=\"og:description\" content=\"Saurday Yoga\" \/>\n<meta property=\"og:url\" content=\"https:\/\/arthurgreenbean.be\/de\/produkt\/ihr-samstags-yogakurs-in-der-agbr-copy\/\" \/>\n<meta property=\"og:site_name\" content=\"AGBR\" \/>\n<meta property=\"article:publisher\" content=\"https:\/\/www.facebook.com\/profile.php?id=100091825763096\" \/>\n<meta property=\"article:modified_time\" content=\"2026-01-09T17:13:54+00:00\" \/>\n<meta property=\"og:image\" content=\"https:\/\/arthurgreenbean.be\/wp-content\/uploads\/yogaraum-1.jpg\" \/>\n\t<meta property=\"og:image:width\" content=\"1920\" \/>\n\t<meta property=\"og:image:height\" content=\"810\" \/>\n\t<meta property=\"og:image:type\" content=\"image\/jpeg\" \/>\n<meta name=\"twitter:card\" content=\"summary_large_image\" \/>\n<meta name=\"twitter:label1\" content=\"Gesch\u00e4tzte Lesezeit\" \/>\n\t<meta name=\"twitter:data1\" content=\"2\u00a0Minuten\" \/>\n<script type=\"application\/ld+json\" class=\"yoast-schema-graph\">{\"@context\":\"https:\/\/schema.org\",\"@graph\":[{\"@type\":\"WebPage\",\"@id\":\"https:\/\/arthurgreenbean.be\/de\/produkt\/ihr-samstags-yogakurs-in-der-agbr-copy\/\",\"url\":\"https:\/\/arthurgreenbean.be\/de\/produkt\/ihr-samstags-yogakurs-in-der-agbr-copy\/\",\"name\":\"Deine Samstags-Yogastunde in der AGBR - Kurspaket - AGBR\",\"isPartOf\":{\"@id\":\"https:\/\/arthurgreenbean.be\/de\/#website\"},\"primaryImageOfPage\":{\"@id\":\"https:\/\/arthurgreenbean.be\/de\/produkt\/ihr-samstags-yogakurs-in-der-agbr-copy\/#primaryimage\"},\"image\":{\"@id\":\"https:\/\/arthurgreenbean.be\/de\/produkt\/ihr-samstags-yogakurs-in-der-agbr-copy\/#primaryimage\"},\"thumbnailUrl\":\"https:\/\/arthurgreenbean.be\/wp-content\/uploads\/meditation-workshop-featured.jpg\",\"datePublished\":\"2023-01-11T18:45:13+00:00\",\"dateModified\":\"2026-01-09T17:13:54+00:00\",\"description\":\"Saurday Yoga\",\"breadcrumb\":{\"@id\":\"https:\/\/arthurgreenbean.be\/de\/produkt\/ihr-samstags-yogakurs-in-der-agbr-copy\/#breadcrumb\"},\"inLanguage\":\"de\",\"potentialAction\":[{\"@type\":\"ReadAction\",\"target\":[\"https:\/\/arthurgreenbean.be\/de\/produkt\/ihr-samstags-yogakurs-in-der-agbr-copy\/\"]}]},{\"@type\":\"ImageObject\",\"inLanguage\":\"de\",\"@id\":\"https:\/\/arthurgreenbean.be\/de\/produkt\/ihr-samstags-yogakurs-in-der-agbr-copy\/#primaryimage\",\"url\":\"https:\/\/arthurgreenbean.be\/wp-content\/uploads\/meditation-workshop-featured.jpg\",\"contentUrl\":\"https:\/\/arthurgreenbean.be\/wp-content\/uploads\/meditation-workshop-featured.jpg\",\"width\":2000,\"height\":1354},{\"@type\":\"BreadcrumbList\",\"@id\":\"https:\/\/arthurgreenbean.be\/de\/produkt\/ihr-samstags-yogakurs-in-der-agbr-copy\/#breadcrumb\",\"itemListElement\":[{\"@type\":\"ListItem\",\"position\":1,\"name\":\"Home\",\"item\":\"https:\/\/arthurgreenbean.be\/de\/\"},{\"@type\":\"ListItem\",\"position\":2,\"name\":\"Shop\",\"item\":\"https:\/\/arthurgreenbean.be\/shop\/\"},{\"@type\":\"ListItem\",\"position\":3,\"name\":\"Deine Samstags-Yogastunde in der AGBR &#8211; Kurspaket\"}]},{\"@type\":\"WebSite\",\"@id\":\"https:\/\/arthurgreenbean.be\/de\/#website\",\"url\":\"https:\/\/arthurgreenbean.be\/de\/\",\"name\":\"Arthurgreenbean\",\"description\":\"Arthurgreenbean Ranch\",\"publisher\":{\"@id\":\"https:\/\/arthurgreenbean.be\/de\/#organization\"},\"potentialAction\":[{\"@type\":\"SearchAction\",\"target\":{\"@type\":\"EntryPoint\",\"urlTemplate\":\"https:\/\/arthurgreenbean.be\/de\/?s={search_term_string}\"},\"query-input\":{\"@type\":\"PropertyValueSpecification\",\"valueRequired\":true,\"valueName\":\"search_term_string\"}}],\"inLanguage\":\"de\"},{\"@type\":\"Organization\",\"@id\":\"https:\/\/arthurgreenbean.be\/de\/#organization\",\"name\":\"Arthurgreenbean Ranch\",\"url\":\"https:\/\/arthurgreenbean.be\/de\/\",\"logo\":{\"@type\":\"ImageObject\",\"inLanguage\":\"de\",\"@id\":\"https:\/\/arthurgreenbean.be\/de\/#\/schema\/logo\/image\/\",\"url\":\"https:\/\/arthurgreenbean.be\/wp-content\/uploads\/agbr-696-1.jpg\",\"contentUrl\":\"https:\/\/arthurgreenbean.be\/wp-content\/uploads\/agbr-696-1.jpg\",\"width\":696,\"height\":696,\"caption\":\"Arthurgreenbean Ranch\"},\"image\":{\"@id\":\"https:\/\/arthurgreenbean.be\/de\/#\/schema\/logo\/image\/\"},\"sameAs\":[\"https:\/\/www.facebook.com\/profile.php?id=100091825763096\"]}]}<\/script>\n<!-- \/ Yoast SEO Premium plugin. -->","yoast_head_json":{"title":"Deine Samstags-Yogastunde in der AGBR - Kurspaket - AGBR","description":"Saurday Yoga","robots":{"index":"index","follow":"follow","max-snippet":"max-snippet:-1","max-image-preview":"max-image-preview:large","max-video-preview":"max-video-preview:-1"},"canonical":"https:\/\/arthurgreenbean.be\/de\/produkt\/ihr-samstags-yogakurs-in-der-agbr-copy\/","og_locale":"de_DE","og_type":"article","og_title":"Deine Samstags-Yogastunde in der AGBR - Kurspaket","og_description":"Saurday Yoga","og_url":"https:\/\/arthurgreenbean.be\/de\/produkt\/ihr-samstags-yogakurs-in-der-agbr-copy\/","og_site_name":"AGBR","article_publisher":"https:\/\/www.facebook.com\/profile.php?id=100091825763096","article_modified_time":"2026-01-09T17:13:54+00:00","og_image":[{"width":1920,"height":810,"url":"https:\/\/arthurgreenbean.be\/wp-content\/uploads\/yogaraum-1.jpg","type":"image\/jpeg"}],"twitter_card":"summary_large_image","twitter_misc":{"Gesch\u00e4tzte Lesezeit":"2\u00a0Minuten"},"schema":{"@context":"https:\/\/schema.org","@graph":[{"@type":"WebPage","@id":"https:\/\/arthurgreenbean.be\/de\/produkt\/ihr-samstags-yogakurs-in-der-agbr-copy\/","url":"https:\/\/arthurgreenbean.be\/de\/produkt\/ihr-samstags-yogakurs-in-der-agbr-copy\/","name":"Deine Samstags-Yogastunde in der AGBR - Kurspaket - AGBR","isPartOf":{"@id":"https:\/\/arthurgreenbean.be\/de\/#website"},"primaryImageOfPage":{"@id":"https:\/\/arthurgreenbean.be\/de\/produkt\/ihr-samstags-yogakurs-in-der-agbr-copy\/#primaryimage"},"image":{"@id":"https:\/\/arthurgreenbean.be\/de\/produkt\/ihr-samstags-yogakurs-in-der-agbr-copy\/#primaryimage"},"thumbnailUrl":"https:\/\/arthurgreenbean.be\/wp-content\/uploads\/meditation-workshop-featured.jpg","datePublished":"2023-01-11T18:45:13+00:00","dateModified":"2026-01-09T17:13:54+00:00","description":"Saurday Yoga","breadcrumb":{"@id":"https:\/\/arthurgreenbean.be\/de\/produkt\/ihr-samstags-yogakurs-in-der-agbr-copy\/#breadcrumb"},"inLanguage":"de","potentialAction":[{"@type":"ReadAction","target":["https:\/\/arthurgreenbean.be\/de\/produkt\/ihr-samstags-yogakurs-in-der-agbr-copy\/"]}]},{"@type":"ImageObject","inLanguage":"de","@id":"https:\/\/arthurgreenbean.be\/de\/produkt\/ihr-samstags-yogakurs-in-der-agbr-copy\/#primaryimage","url":"https:\/\/arthurgreenbean.be\/wp-content\/uploads\/meditation-workshop-featured.jpg","contentUrl":"https:\/\/arthurgreenbean.be\/wp-content\/uploads\/meditation-workshop-featured.jpg","width":2000,"height":1354},{"@type":"BreadcrumbList","@id":"https:\/\/arthurgreenbean.be\/de\/produkt\/ihr-samstags-yogakurs-in-der-agbr-copy\/#breadcrumb","itemListElement":[{"@type":"ListItem","position":1,"name":"Home","item":"https:\/\/arthurgreenbean.be\/de\/"},{"@type":"ListItem","position":2,"name":"Shop","item":"https:\/\/arthurgreenbean.be\/shop\/"},{"@type":"ListItem","position":3,"name":"Deine Samstags-Yogastunde in der AGBR &#8211; Kurspaket"}]},{"@type":"WebSite","@id":"https:\/\/arthurgreenbean.be\/de\/#website","url":"https:\/\/arthurgreenbean.be\/de\/","name":"Arthurgreenbean","description":"Arthurgreenbean Ranch","publisher":{"@id":"https:\/\/arthurgreenbean.be\/de\/#organization"},"potentialAction":[{"@type":"SearchAction","target":{"@type":"EntryPoint","urlTemplate":"https:\/\/arthurgreenbean.be\/de\/?s={search_term_string}"},"query-input":{"@type":"PropertyValueSpecification","valueRequired":true,"valueName":"search_term_string"}}],"inLanguage":"de"},{"@type":"Organization","@id":"https:\/\/arthurgreenbean.be\/de\/#organization","name":"Arthurgreenbean Ranch","url":"https:\/\/arthurgreenbean.be\/de\/","logo":{"@type":"ImageObject","inLanguage":"de","@id":"https:\/\/arthurgreenbean.be\/de\/#\/schema\/logo\/image\/","url":"https:\/\/arthurgreenbean.be\/wp-content\/uploads\/agbr-696-1.jpg","contentUrl":"https:\/\/arthurgreenbean.be\/wp-content\/uploads\/agbr-696-1.jpg","width":696,"height":696,"caption":"Arthurgreenbean Ranch"},"image":{"@id":"https:\/\/arthurgreenbean.be\/de\/#\/schema\/logo\/image\/"},"sameAs":["https:\/\/www.facebook.com\/profile.php?id=100091825763096"]}]}},"_links":{"self":[{"href":"https:\/\/arthurgreenbean.be\/de\/wp-json\/wp\/v2\/product\/5612","targetHints":{"allow":["GET"]}}],"collection":[{"href":"https:\/\/arthurgreenbean.be\/de\/wp-json\/wp\/v2\/product"}],"about":[{"href":"https:\/\/arthurgreenbean.be\/de\/wp-json\/wp\/v2\/types\/product"}],"replies":[{"embeddable":true,"href":"https:\/\/arthurgreenbean.be\/de\/wp-json\/wp\/v2\/comments?post=5612"}],"wp:featuredmedia":[{"embeddable":true,"href":"https:\/\/arthurgreenbean.be\/de\/wp-json\/wp\/v2\/media\/3059"}],"wp:attachment":[{"href":"https:\/\/arthurgreenbean.be\/de\/wp-json\/wp\/v2\/media?parent=5612"}],"wp:term":[{"taxonomy":"product_brand","embeddable":true,"href":"https:\/\/arthurgreenbean.be\/de\/wp-json\/wp\/v2\/product_brand?post=5612"},{"taxonomy":"product_cat","embeddable":true,"href":"https:\/\/arthurgreenbean.be\/de\/wp-json\/wp\/v2\/product_cat?post=5612"},{"taxonomy":"product_tag","embeddable":true,"href":"https:\/\/arthurgreenbean.be\/de\/wp-json\/wp\/v2\/product_tag?post=5612"}],"curies":[{"name":"wp","href":"https:\/\/api.w.org\/{rel}","templated":true}]}}